{"id":22,"date":"2026-08-31T17:16:41","date_gmt":"2026-08-31T17:16:41","guid":{"rendered":"https:\/\/www.aipazcomun.com\/inicio\/"},"modified":"2026-08-31T17:37:21","modified_gmt":"2026-08-31T17:37:21","slug":"inicio","status":"publish","type":"page","link":"https:\/\/www.aipazcomun.com\/fr\/","title":{"rendered":"Inicio"},"content":{"rendered":"<div class=\"wp-block-group alignfull ext-hero-section--full-screen ext-hero-section ext-hero-section--silly-beetle-2 is-style-ext-preset--group--natural-1--section ext-animate--on has-background-background-color has-background ext-section has-global-padding is-layout-constrained wp-container-core-group-is-layout-27705fe0 wp-block-group-is-layout-constrained\" style=\"margin-top:0;margin-bottom:0;padding-top:0;padding-right:0;padding-bottom:0;padding-left:0\">\n<div class=\"wp-block-cover alignfull has-custom-content-position is-position-bottom-center is-style-ext-preset--cover--natural-1--cover-overlay-1 ext-animate--on is-style-ext-preset--cover--natural-1--cover-overlay-1--2\" style=\"padding-top:var(--wp--preset--spacing--60);padding-right:var(--wp--preset--spacing--30);padding-bottom:var(--wp--preset--spacing--60);padding-left:var(--wp--preset--spacing--30);min-height:100vh;aspect-ratio:unset;\"><img loading=\"lazy\" decoding=\"async\" width=\"1440\" height=\"960\" class=\"wp-block-cover__image-background wp-image-36\" alt=\"\" src=\"https:\/\/www.aipazcomun.com\/wp-content\/uploads\/2026\/08\/f485ed7bda6d1312aa89db78b3cbaff8be86c722.jpg\" data-object-fit=\"cover\" srcset=\"https:\/\/www.aipazcomun.com\/wp-content\/uploads\/2026\/08\/f485ed7bda6d1312aa89db78b3cbaff8be86c722.jpg 1440w, https:\/\/www.aipazcomun.com\/wp-content\/uploads\/2026\/08\/f485ed7bda6d1312aa89db78b3cbaff8be86c722-300x200.jpg 300w, https:\/\/www.aipazcomun.com\/wp-content\/uploads\/2026\/08\/f485ed7bda6d1312aa89db78b3cbaff8be86c722-1024x683.jpg 1024w, https:\/\/www.aipazcomun.com\/wp-content\/uploads\/2026\/08\/f485ed7bda6d1312aa89db78b3cbaff8be86c722-768x512.jpg 768w\" sizes=\"auto, (max-width: 1440px) 100vw, 1440px\" \/><span aria-hidden=\"true\" class=\"wp-block-cover__background has-background-dim-80 has-background-dim wp-block-cover__gradient-background has-background-gradient\" style=\"background:linear-gradient(20deg,rgb(1,1,1) 0%,rgba(0,0,0,0.15) 100%)\"><\/span><div class=\"wp-block-cover__inner-container has-global-padding is-layout-constrained wp-container-core-cover-is-layout-0d18eed3 wp-block-cover-is-layout-constrained\">\n<div class=\"wp-block-group alignwide ext-is-logical-start ext-animate--on has-global-padding is-content-justification-left is-layout-constrained wp-container-core-group-is-layout-1a21540a wp-block-group-is-layout-constrained\">\n<h1 class=\"wp-block-heading has-text-align-left ext-animate--on has-text-color has-link-color wp-elements-1\" style=\"color:#fefefe\">Promouvoir la paix, les droits et la solidarit\u00e9<\/h1>\n\n\n\n<div class=\"wp-block-buttons ext-animate--on is-layout-flex wp-block-buttons-is-layout-flex\">\n<div class=\"wp-block-button is-style-ext-preset--button--natural-1--button-1 ext-animate--on is-style-ext-preset--button--natural-1--button-1--3\"><a class=\"wp-block-button__link has-text-color has-background has-link-color wp-element-button\" href=\"https:\/\/www.aipazcomun.com\/fr\/sobre\/\" style=\"color:#060606;background-color:#fefefe\">En savoir plus<\/a><\/div>\n<\/div>\n<\/div>\n<\/div><\/div>\n<\/div>\n\n<section class=\"wp-block-group alignfull ext-section is-style-ext-preset--group--natural-1--section has-tertiary-background-color has-background has-custom-css has-global-padding is-layout-constrained wp-container-core-group-is-layout-c933c6c0 wp-block-group-is-layout-constrained\" style=\"margin-top:0;margin-bottom:0;padding-top:var(--wp--preset--spacing--70);padding-bottom:var(--wp--preset--spacing--70)\">\n<div class=\"wp-block-group alignwide ext-section-intro is-style-ext-preset--group--natural-1--section-intro-1 has-custom-css has-global-padding is-layout-constrained wp-block-group-is-layout-constrained\">\n<h2 class=\"wp-block-heading ext-section-intro-heading ext-animate--on\">Nous \u0153uvrons en faveur de la paix et des droits de l'homme<\/h2>\n\n\n\n<p class=\"ext-section-intro-description ext-animate--on has-foreground-alt-color has-text-color has-medium-font-size wp-block-paragraph\" style=\"margin-top:24px\">Nous soutenons les communaut\u00e9s touch\u00e9es par les conflits, les migrations et les d\u00e9placements par des actions de solidarit\u00e9.<\/p>\n<\/div>\n\n\n\n<div class=\"wp-block-group alignwide ext-grid is-layout-grid wp-container-core-group-is-layout-e121f3d3 wp-block-group-is-layout-grid\">\n<div class=\"wp-block-group ext-card ext-card-stacked is-style-ext-preset--group--natural-1--item-card-1--align-start ext-animate--on is-vertical is-content-justification-stretch is-layout-flex wp-container-core-group-is-layout-b6b47c84 wp-block-group-is-layout-flex is-style-ext-preset--group--natural-1--item-card-1--align-start--5\" style=\"min-height:100%\">\n<div class=\"wp-block-group ext-card-content wp-container-content-ceb7f5b3 is-vertical is-content-justification-stretch is-layout-flex wp-container-core-group-is-layout-b6b47c84 wp-block-group-is-layout-flex\">\n<div class=\"wp-block-group ext-card-body is-layout-flow wp-container-core-group-is-layout-c00cb370 wp-block-group-is-layout-flow\">\n<figure class=\"wp-block-image size-large ext-aspect-landscape ext-card-icon is-style-ext-preset--image--natural-1--icon-1 wp-duotone-foreground-and-background\" style=\"margin-bottom:var(--wp--preset--spacing--20)\"><img decoding=\"async\" src=\"data:image\/svg+xml;base64,PHN2ZyB4bWxucz0iaHR0cDovL3d3dy53My5vcmcvMjAwMC9zdmciIHdpZHRoPSI0OCIgaGVpZ2h0PSI0OCIgZmlsbD0iIzAwMDAwMCIgdmlld0JveD0iMCAwIDI1NiAyNTYiPjxwYXRoIGQ9Ik0xNzIsNzZhNDQsNDQsMCwxLDAtNDQsNDRBNDQuMDUsNDQuMDUsMCwwLDAsMTcyLDc2Wm0tNDQsMjhhMjgsMjgsMCwxLDEsMjgtMjhBMjgsMjgsMCwwLDEsMTI4LDEwNFptNjAsMjRhNDQsNDQsMCwxLDAsNDQsNDRBNDQuMDUsNDQuMDUsMCwwLDAsMTg4LDEyOFptMCw3MmEyOCwyOCwwLDEsMSwyOC0yOEEyOCwyOCwwLDAsMSwxODgsMjAwWk02OCwxMjhhNDQsNDQsMCwxLDAsNDQsNDRBNDQuMDUsNDQuMDUsMCwwLDAsNjgsMTI4Wm0wLDcyYTI4LDI4LDAsMSwxLDI4LTI4QTI4LDI4LDAsMCwxLDY4LDIwMFoiPjwvcGF0aD48L3N2Zz4=\" alt=\"\" style=\"object-fit:cover\"\/><\/figure>\n\n\n\n<h3 class=\"wp-block-heading has-medium-font-size\">Promotion de la paix.<\/h3>\n\n\n\n<p class=\"wp-block-paragraph\">Nous encourageons le dialogue constructif et la r\u00e9solution pacifique des conflits afin de b\u00e2tir des soci\u00e9t\u00e9s plus justes et plus solidaires partout dans le monde.<\/p>\n<\/div>\n<\/div>\n<\/div>\n\n\n\n<div class=\"wp-block-group ext-card ext-card-stacked is-style-ext-preset--group--natural-1--item-card-1--align-start ext-animate--on is-vertical is-content-justification-stretch is-layout-flex wp-container-core-group-is-layout-b6b47c84 wp-block-group-is-layout-flex is-style-ext-preset--group--natural-1--item-card-1--align-start--6\" style=\"min-height:100%\">\n<div class=\"wp-block-group ext-card-content wp-container-content-ceb7f5b3 is-vertical is-content-justification-stretch is-layout-flex wp-container-core-group-is-layout-b6b47c84 wp-block-group-is-layout-flex\">\n<div class=\"wp-block-group ext-card-body is-layout-flow wp-container-core-group-is-layout-c00cb370 wp-block-group-is-layout-flow\">\n<figure class=\"wp-block-image size-large ext-aspect-landscape ext-card-icon is-style-ext-preset--image--natural-1--icon-1 wp-duotone-foreground-and-background\" style=\"margin-bottom:var(--wp--preset--spacing--20)\"><img decoding=\"async\" src=\"data:image\/svg+xml;base64,PHN2ZyB4bWxucz0iaHR0cDovL3d3dy53My5vcmcvMjAwMC9zdmciIHdpZHRoPSI0OCIgaGVpZ2h0PSI0OCIgZmlsbD0iIzAwMDAwMCIgdmlld0JveD0iMCAwIDI1NiAyNTYiPjxwYXRoIGQ9Ik04MCw0MGE0MCw0MCwwLDEsMCw0MCw0MEE0MCw0MCwwLDAsMCw4MCw0MFptMCw2NGEyNCwyNCwwLDEsMSwyNC0yNEEyNCwyNCwwLDAsMSw4MCwxMDRabTk2LDE2YTQwLDQwLDAsMSwwLTQwLTQwQTQwLDQwLDAsMCwwLDE3NiwxMjBabTAtNjRhMjQsMjQsMCwxLDEtMjQsMjRBMjQsMjQsMCwwLDEsMTc2LDU2Wk04MCwxMzZhNDAsNDAsMCwxLDAsNDAsNDBBNDAsNDAsMCwwLDAsODAsMTM2Wm0wLDY0YTI0LDI0LDAsMSwxLDI0LTI0QTI0LDI0LDAsMCwxLDgwLDIwMFptOTYtNjRhNDAsNDAsMCwxLDAsNDAsNDBBNDAsNDAsMCwwLDAsMTc2LDEzNlptMCw2NGEyNCwyNCwwLDEsMSwyNC0yNEEyNCwyNCwwLDAsMSwxNzYsMjAwWiI+PC9wYXRoPjwvc3ZnPg==\" alt=\"\" style=\"object-fit:cover\"\/><\/figure>\n\n\n\n<h3 class=\"wp-block-heading has-medium-font-size\">Droits de l'homme.<\/h3>\n\n\n\n<p class=\"wp-block-paragraph\">Nous d\u00e9fendons les droits fondamentaux des personnes vuln\u00e9rables gr\u00e2ce \u00e0 un travail humanitaire constant men\u00e9 depuis notre si\u00e8ge \u00e0 Gen\u00e8ve.<\/p>\n<\/div>\n<\/div>\n<\/div>\n\n\n\n<div class=\"wp-block-group ext-card ext-card-stacked is-style-ext-preset--group--natural-1--item-card-1--align-start ext-animate--on is-vertical is-content-justification-stretch is-layout-flex wp-container-core-group-is-layout-b6b47c84 wp-block-group-is-layout-flex is-style-ext-preset--group--natural-1--item-card-1--align-start--7\" style=\"min-height:100%\">\n<div class=\"wp-block-group ext-card-content wp-container-content-ceb7f5b3 is-vertical is-content-justification-stretch is-layout-flex wp-container-core-group-is-layout-b6b47c84 wp-block-group-is-layout-flex\">\n<div class=\"wp-block-group ext-card-body is-layout-flow wp-container-core-group-is-layout-c00cb370 wp-block-group-is-layout-flow\">\n<figure class=\"wp-block-image size-large ext-aspect-landscape ext-card-icon is-style-ext-preset--image--natural-1--icon-1 wp-duotone-foreground-and-background\" style=\"margin-bottom:var(--wp--preset--spacing--20)\"><img decoding=\"async\" src=\"data:image\/svg+xml;base64,PHN2ZyB4bWxucz0iaHR0cDovL3d3dy53My5vcmcvMjAwMC9zdmciIHdpZHRoPSI0OCIgaGVpZ2h0PSI0OCIgZmlsbD0iIzAwMDAwMCIgdmlld0JveD0iMCAwIDI1NiAyNTYiPjxwYXRoIGQ9Ik04MCw0MGE0MCw0MCwwLDEsMCw0MCw0MEE0MCw0MCwwLDAsMCw4MCw0MFptMCw2NGEyNCwyNCwwLDEsMSwyNC0yNEEyNCwyNCwwLDAsMSw4MCwxMDRabTk2LDE2YTQwLDQwLDAsMSwwLTQwLTQwQTQwLDQwLDAsMCwwLDE3NiwxMjBabTAtNjRhMjQsMjQsMCwxLDEtMjQsMjRBMjQsMjQsMCwwLDEsMTc2LDU2Wk04MCwxMzZhNDAsNDAsMCwxLDAsNDAsNDBBNDAsNDAsMCwwLDAsODAsMTM2Wm0wLDY0YTI0LDI0LDAsMSwxLDI0LTI0QTI0LDI0LDAsMCwxLDgwLDIwMFptMTM2LTI0YTgsOCwwLDAsMS04LDhIMTg0djI0YTgsOCwwLDAsMS0xNiwwVjE4NEgxNDRhOCw4LDAsMCwxLDAtMTZoMjRWMTQ0YTgsOCwwLDAsMSwxNiwwdjI0aDI0QTgsOCwwLDAsMSwyMTYsMTc2WiI+PC9wYXRoPjwvc3ZnPg==\" alt=\"\" style=\"object-fit:cover\"\/><\/figure>\n\n\n\n<h3 class=\"wp-block-heading has-medium-font-size\">Aide humanitaire.<\/h3>\n\n\n\n<p class=\"wp-block-paragraph\">Nous apportons une aide compl\u00e8te aux personnes touch\u00e9es par les cons\u00e9quences des d\u00e9placements forc\u00e9s, en leur offrant un refuge empreint de solidarit\u00e9 et d'espoir.<\/p>\n<\/div>\n<\/div>\n<\/div>\n<\/div>\n\n\n\n<div class=\"wp-block-buttons alignwide ext-animate--on is-content-justification-center is-layout-flex wp-container-core-buttons-is-layout-fdd94e84 wp-block-buttons-is-layout-flex\">\n<div class=\"wp-block-button is-style-ext-preset--button--natural-1--button-1 is-style-ext-preset--button--natural-1--button-1--8\"><a class=\"wp-block-button__link wp-element-button\" href=\"https:\/\/www.aipazcomun.com\/fr\/contacto\/\">En savoir plus<\/a><\/div>\n<\/div>\n<\/section>\n\n<div class=\"wp-block-group alignfull is-style-ext-preset--group--natural-1--section ext-section has-background-background-color has-background has-global-padding is-layout-constrained wp-block-group-is-layout-constrained\" id=\"acerca-de\" style=\"margin-top:0;margin-bottom:0;padding-top:var(--wp--preset--spacing--70);padding-bottom:var(--wp--preset--spacing--70)\">\n<div class=\"wp-block-group alignwide is-style-ext-preset--group--natural-1--section-intro-1 has-global-padding is-layout-constrained wp-block-group-is-layout-constrained\">\n<h2 class=\"wp-block-heading has-text-align-center ext-animate--on\">Promouvoir la paix et la solidarit\u00e9 mondiale<\/h2>\n\n\n\n<p class=\"has-text-align-center ext-animate--on has-foreground-alt-color has-text-color has-medium-font-size wp-block-paragraph\" style=\"margin-top:24px\">AIPAZCOMUN est une association \u00e0 but non lucratif dont le si\u00e8ge se trouve \u00e0 Gen\u00e8ve, qui se consacre \u00e0 la d\u00e9fense des droits de l'homme et au dialogue. Notre objectif est de soutenir les communaut\u00e9s touch\u00e9es par les conflits et les d\u00e9placements.<\/p>\n<\/div>\n<\/div>\n\n<div class=\"wp-block-group alignfull is-style-ext-preset--group--natural-1--section ext-section has-tertiary-background-color has-background has-global-padding is-layout-constrained wp-container-core-group-is-layout-8870cb56 wp-block-group-is-layout-constrained\" style=\"margin-top:0;margin-bottom:0;padding-top:var(--wp--preset--spacing--70);padding-bottom:var(--wp--preset--spacing--70)\">\n<div class=\"wp-block-media-text alignwide has-media-on-the-right is-stacked-on-mobile is-image-fill-element is-style-ext-preset--media-text--natural-1--card-1 ext-animate--on has-background-background-color has-background is-style-ext-preset--media-text--natural-1--card-1--11\"><div class=\"wp-block-media-text__content\">\n<div class=\"wp-block-group alignwide is-vertical is-layout-flex wp-container-core-group-is-layout-5fc4844e wp-block-group-is-layout-flex\" style=\"padding-top:var(--wp--preset--spacing--70);padding-bottom:var(--wp--preset--spacing--70)\">\n<div class=\"wp-block-group ext-section-intro is-style-ext-preset--group--natural-1--section-intro-1 has-custom-css has-global-padding is-layout-constrained wp-container-core-group-is-layout-203b991b wp-block-group-is-layout-constrained\" style=\"padding-top:0;padding-right:0;padding-bottom:0;padding-left:0\">\n<h2 class=\"wp-block-heading has-text-align-left has-x-large-font-size\">Promouvoir la paix et les droits de l'homme<\/h2>\n\n\n\n<p class=\"has-text-align-left wp-block-paragraph\">Rejoignez notre mission de solidarit\u00e9 et d'aide humanitaire pour transformer la vie des personnes et des communaut\u00e9s touch\u00e9es par les d\u00e9placements et les conflits.<\/p>\n<\/div>\n\n\n\n<div class=\"wp-block-buttons is-layout-flex wp-block-buttons-is-layout-flex\">\n<div class=\"wp-block-button is-style-ext-preset--button--natural-1--button-1 is-style-ext-preset--button--natural-1--button-1--12\"><a class=\"wp-block-button__link wp-element-button\" href=\"https:\/\/www.aipazcomun.com\/fr\/contacto\/\">En savoir plus<\/a><\/div>\n<\/div>\n<\/div>\n<\/div><figure class=\"wp-block-media-text__media\"><img loading=\"lazy\" decoding=\"async\" width=\"1440\" height=\"810\" class=\"wp-image-51 size-full\" src=\"https:\/\/www.aipazcomun.com\/wp-content\/uploads\/2026\/08\/51b68f04c11a6ae8a47b68f3a890481a579bab0d.jpg\" alt=\"\" style=\"object-position:50% 50%\" srcset=\"https:\/\/www.aipazcomun.com\/wp-content\/uploads\/2026\/08\/51b68f04c11a6ae8a47b68f3a890481a579bab0d.jpg 1440w, https:\/\/www.aipazcomun.com\/wp-content\/uploads\/2026\/08\/51b68f04c11a6ae8a47b68f3a890481a579bab0d-300x169.jpg 300w, https:\/\/www.aipazcomun.com\/wp-content\/uploads\/2026\/08\/51b68f04c11a6ae8a47b68f3a890481a579bab0d-1024x576.jpg 1024w, https:\/\/www.aipazcomun.com\/wp-content\/uploads\/2026\/08\/51b68f04c11a6ae8a47b68f3a890481a579bab0d-768x432.jpg 768w\" sizes=\"auto, (max-width: 1440px) 100vw, 1440px\" \/><\/figure><\/div>\n<\/div>\n\n<section class=\"wp-block-group alignfull ext-section is-style-ext-preset--group--natural-1--section has-background-background-color has-background has-custom-css has-global-padding is-layout-constrained wp-container-core-group-is-layout-c933c6c0 wp-block-group-is-layout-constrained\" style=\"margin-top:0;margin-bottom:0;padding-top:var(--wp--preset--spacing--70);padding-bottom:var(--wp--preset--spacing--70)\">\n<div class=\"wp-block-group alignwide ext-section-intro is-style-ext-preset--group--natural-1--section-intro-1 has-custom-css has-global-padding is-layout-constrained wp-block-group-is-layout-constrained\" id=\"servicios\">\n<h2 class=\"wp-block-heading ext-animate--on\">Promouvoir la paix et les droits de l'homme<\/h2>\n\n\n\n<p class=\"ext-animate--on has-foreground-alt-color has-text-color has-medium-font-size wp-block-paragraph\" style=\"margin-top:24px\">Cette rubrique met en avant notre action humanitaire, qui consiste \u00e0 apporter un soutien global aux communaut\u00e9s vuln\u00e9rables touch\u00e9es par les conflits.<\/p>\n<\/div>\n\n\n\n<div class=\"wp-block-group alignwide ext-grid is-layout-grid wp-container-core-group-is-layout-e121f3d3 wp-block-group-is-layout-grid\">\n<div class=\"wp-block-group ext-card is-style-ext-preset--group--natural-1--item-card-1--align-start ext-animate--on is-vertical is-layout-flex wp-container-core-group-is-layout-c5ec0667 wp-block-group-is-layout-flex is-style-ext-preset--group--natural-1--item-card-1--align-start--14\" style=\"min-height:100%\">\n<figure class=\"wp-block-image\"><img loading=\"lazy\" decoding=\"async\" width=\"1440\" height=\"960\" class=\"wp-image-52\" src=\"https:\/\/www.aipazcomun.com\/wp-content\/uploads\/2026\/08\/2267b2df123d66e5ca1180d0f4ba0b9a91c03937.jpg\" alt=\"\" style=\"aspect-ratio:4\/3;object-fit:cover\" srcset=\"https:\/\/www.aipazcomun.com\/wp-content\/uploads\/2026\/08\/2267b2df123d66e5ca1180d0f4ba0b9a91c03937.jpg 1440w, https:\/\/www.aipazcomun.com\/wp-content\/uploads\/2026\/08\/2267b2df123d66e5ca1180d0f4ba0b9a91c03937-300x200.jpg 300w, https:\/\/www.aipazcomun.com\/wp-content\/uploads\/2026\/08\/2267b2df123d66e5ca1180d0f4ba0b9a91c03937-1024x683.jpg 1024w, https:\/\/www.aipazcomun.com\/wp-content\/uploads\/2026\/08\/2267b2df123d66e5ca1180d0f4ba0b9a91c03937-768x512.jpg 768w\" sizes=\"auto, (max-width: 1440px) 100vw, 1440px\" \/><\/figure>\n\n\n\n<div class=\"wp-block-group ext-card-body is-layout-flow wp-container-core-group-is-layout-c00cb370 wp-block-group-is-layout-flow\">\n<h3 class=\"wp-block-heading has-medium-font-size\">Promotion de la paix<\/h3>\n\n\n\n<p class=\"wp-block-paragraph\">Nous soutenons activement le dialogue et la r\u00e9solution pacifique des conflits communautaires.<\/p>\n<\/div>\n<\/div>\n\n\n\n<div class=\"wp-block-group ext-card is-style-ext-preset--group--natural-1--item-card-1--align-start ext-animate--on is-vertical is-layout-flex wp-container-core-group-is-layout-c5ec0667 wp-block-group-is-layout-flex is-style-ext-preset--group--natural-1--item-card-1--align-start--15\" style=\"min-height:100%\">\n<figure class=\"wp-block-image\"><img loading=\"lazy\" decoding=\"async\" width=\"1440\" height=\"960\" class=\"wp-image-53\" src=\"https:\/\/www.aipazcomun.com\/wp-content\/uploads\/2026\/08\/91637bcd1829e2283234eaee191cd39b3f65cef3.jpg\" alt=\"\" style=\"aspect-ratio:4\/3;object-fit:cover\" srcset=\"https:\/\/www.aipazcomun.com\/wp-content\/uploads\/2026\/08\/91637bcd1829e2283234eaee191cd39b3f65cef3.jpg 1440w, https:\/\/www.aipazcomun.com\/wp-content\/uploads\/2026\/08\/91637bcd1829e2283234eaee191cd39b3f65cef3-300x200.jpg 300w, https:\/\/www.aipazcomun.com\/wp-content\/uploads\/2026\/08\/91637bcd1829e2283234eaee191cd39b3f65cef3-1024x683.jpg 1024w, https:\/\/www.aipazcomun.com\/wp-content\/uploads\/2026\/08\/91637bcd1829e2283234eaee191cd39b3f65cef3-768x512.jpg 768w\" sizes=\"auto, (max-width: 1440px) 100vw, 1440px\" \/><\/figure>\n\n\n\n<div class=\"wp-block-group ext-card-body is-layout-flow wp-container-core-group-is-layout-c00cb370 wp-block-group-is-layout-flow\">\n<h3 class=\"wp-block-heading has-medium-font-size\">Droits de l'homme<\/h3>\n\n\n\n<p class=\"wp-block-paragraph\">Nous d\u00e9fendons et prot\u00e9geons les droits fondamentaux des personnes d\u00e9plac\u00e9es.<\/p>\n<\/div>\n<\/div>\n\n\n\n<div class=\"wp-block-group ext-card is-style-ext-preset--group--natural-1--item-card-1--align-start ext-animate--on is-vertical is-layout-flex wp-container-core-group-is-layout-c5ec0667 wp-block-group-is-layout-flex is-style-ext-preset--group--natural-1--item-card-1--align-start--16\" style=\"min-height:100%\">\n<figure class=\"wp-block-image\"><img loading=\"lazy\" decoding=\"async\" width=\"1440\" height=\"960\" class=\"wp-image-54\" src=\"https:\/\/www.aipazcomun.com\/wp-content\/uploads\/2026\/08\/8874098702cab14cb037ab1094979a9c65a45409.jpg\" alt=\"\" style=\"aspect-ratio:4\/3;object-fit:cover\" srcset=\"https:\/\/www.aipazcomun.com\/wp-content\/uploads\/2026\/08\/8874098702cab14cb037ab1094979a9c65a45409.jpg 1440w, https:\/\/www.aipazcomun.com\/wp-content\/uploads\/2026\/08\/8874098702cab14cb037ab1094979a9c65a45409-300x200.jpg 300w, https:\/\/www.aipazcomun.com\/wp-content\/uploads\/2026\/08\/8874098702cab14cb037ab1094979a9c65a45409-1024x683.jpg 1024w, https:\/\/www.aipazcomun.com\/wp-content\/uploads\/2026\/08\/8874098702cab14cb037ab1094979a9c65a45409-768x512.jpg 768w\" sizes=\"auto, (max-width: 1440px) 100vw, 1440px\" \/><\/figure>\n\n\n\n<div class=\"wp-block-group ext-card-body is-layout-flow wp-container-core-group-is-layout-c00cb370 wp-block-group-is-layout-flow\">\n<h3 class=\"wp-block-heading has-medium-font-size\">Action solidaire<\/h3>\n\n\n\n<p class=\"wp-block-paragraph\">Nous apportons une aide humanitaire et culturelle afin de permettre \u00e0 chacun de reconstruire sa vie dans la dignit\u00e9.<\/p>\n<\/div>\n<\/div>\n<\/div>\n<\/section>\n\n<section class=\"wp-block-group alignfull ext-section is-style-ext-preset--group--natural-1--section has-tertiary-background-color has-background has-custom-css has-global-padding is-layout-constrained wp-container-core-group-is-layout-c933c6c0 wp-block-group-is-layout-constrained\" style=\"margin-top:0;margin-bottom:0;padding-top:var(--wp--preset--spacing--70);padding-bottom:var(--wp--preset--spacing--70)\">\n<div class=\"wp-block-group alignwide ext-section-intro is-style-ext-preset--group--natural-1--section-intro-1 has-custom-css has-global-padding is-layout-constrained wp-block-group-is-layout-constrained\">\n<h2 class=\"wp-block-heading ext-section-intro-heading ext-animate--on\">Action humanitaire face aux conflits et aux d\u00e9placements de population<\/h2>\n\n\n\n<p class=\"ext-section-intro-description ext-animate--on has-foreground-alt-color has-text-color has-medium-font-size wp-block-paragraph\" style=\"margin-top:24px\">Cette rubrique pr\u00e9sente notre impact et fournit des informations sur nos initiatives et nos r\u00e9alisations.<\/p>\n<\/div>\n\n\n\n<div class=\"wp-block-group alignwide ext-grid is-layout-grid wp-container-core-group-is-layout-e121f3d3 wp-block-group-is-layout-grid\">\n<div class=\"wp-block-group ext-card ext-card-stacked is-style-ext-preset--group--natural-1--item-card-1--align-start ext-animate--on is-vertical is-content-justification-stretch is-layout-flex wp-container-core-group-is-layout-b6b47c84 wp-block-group-is-layout-flex is-style-ext-preset--group--natural-1--item-card-1--align-start--18\" style=\"min-height:100%\">\n<div class=\"wp-block-group ext-card-content wp-container-content-ceb7f5b3 is-vertical is-content-justification-stretch is-layout-flex wp-container-core-group-is-layout-b6b47c84 wp-block-group-is-layout-flex\">\n<div class=\"wp-block-group ext-card-body is-layout-flow wp-container-core-group-is-layout-c00cb370 wp-block-group-is-layout-flow\">\n<h3 class=\"wp-block-heading has-large-font-size\">150<\/h3>\n\n\n\n<h3 class=\"wp-block-heading has-medium-font-size\">Communaut\u00e9s<\/h3>\n\n\n\n<p class=\"wp-block-paragraph\">Un accompagnement complet pour les personnes touch\u00e9es par une crise et un d\u00e9placement forc\u00e9.<\/p>\n<\/div>\n<\/div>\n<\/div>\n\n\n\n<div class=\"wp-block-group ext-card ext-card-stacked is-style-ext-preset--group--natural-1--item-card-1--align-start ext-animate--on is-vertical is-content-justification-stretch is-layout-flex wp-container-core-group-is-layout-b6b47c84 wp-block-group-is-layout-flex is-style-ext-preset--group--natural-1--item-card-1--align-start--19\" style=\"min-height:100%\">\n<div class=\"wp-block-group ext-card-content wp-container-content-ceb7f5b3 is-vertical is-content-justification-stretch is-layout-flex wp-container-core-group-is-layout-b6b47c84 wp-block-group-is-layout-flex\">\n<div class=\"wp-block-group ext-card-body is-layout-flow wp-container-core-group-is-layout-c00cb370 wp-block-group-is-layout-flow\">\n<h3 class=\"wp-block-heading has-large-font-size\">500<\/h3>\n\n\n\n<h3 class=\"wp-block-heading has-medium-font-size\">Droits<\/h3>\n\n\n\n<p class=\"wp-block-paragraph\">Promotion active des droits de l'homme et de l'\u00e9galit\u00e9 fondamentale.<\/p>\n<\/div>\n<\/div>\n<\/div>\n\n\n\n<div class=\"wp-block-group ext-card ext-card-stacked is-style-ext-preset--group--natural-1--item-card-1--align-start ext-animate--on is-vertical is-content-justification-stretch is-layout-flex wp-container-core-group-is-layout-b6b47c84 wp-block-group-is-layout-flex is-style-ext-preset--group--natural-1--item-card-1--align-start--20\" style=\"min-height:100%\">\n<div class=\"wp-block-group ext-card-content wp-container-content-ceb7f5b3 is-vertical is-content-justification-stretch is-layout-flex wp-container-core-group-is-layout-b6b47c84 wp-block-group-is-layout-flex\">\n<div class=\"wp-block-group ext-card-body is-layout-flow wp-container-core-group-is-layout-c00cb370 wp-block-group-is-layout-flow\">\n<h3 class=\"wp-block-heading has-large-font-size\">300<\/h3>\n\n\n\n<h3 class=\"wp-block-heading has-medium-font-size\">Dialogue<\/h3>\n\n\n\n<p class=\"wp-block-paragraph\">Des espaces de dialogue et de solidarit\u00e9 pour la construction de la paix.<\/p>\n<\/div>\n<\/div>\n<\/div>\n<\/div>\n<\/section>","protected":false},"excerpt":{"rendered":"<p>Promovemos la Paz y los Derechos Humanos Apoyamos a comunidades afectadas por conflictos, migraci\u00f3n y desplazamiento con acciones solidarias. Promoci\u00f3n de la paz. Fomentamos el di\u00e1logo constructivo y la resoluci\u00f3n pac\u00edfica de conflictos para construir sociedades m\u00e1s justas y cohesionadas en todo el mundo. Derechos humanos. Defendemos los derechos fundamentales de las personas vulnerables mediante [&hellip;]<\/p>\n","protected":false},"author":1,"featured_media":0,"parent":0,"menu_order":0,"comment_status":"closed","ping_status":"closed","template":"no-title","meta":{"footnotes":""},"class_list":["post-22","page","type-page","status-publish","hentry"],"_links":{"self":[{"href":"https:\/\/www.aipazcomun.com\/fr\/wp-json\/wp\/v2\/pages\/22","targetHints":{"allow":["GET"]}}],"collection":[{"href":"https:\/\/www.aipazcomun.com\/fr\/wp-json\/wp\/v2\/pages"}],"about":[{"href":"https:\/\/www.aipazcomun.com\/fr\/wp-json\/wp\/v2\/types\/page"}],"author":[{"embeddable":true,"href":"https:\/\/www.aipazcomun.com\/fr\/wp-json\/wp\/v2\/users\/1"}],"replies":[{"embeddable":true,"href":"https:\/\/www.aipazcomun.com\/fr\/wp-json\/wp\/v2\/comments?post=22"}],"version-history":[{"count":2,"href":"https:\/\/www.aipazcomun.com\/fr\/wp-json\/wp\/v2\/pages\/22\/revisions"}],"predecessor-version":[{"id":55,"href":"https:\/\/www.aipazcomun.com\/fr\/wp-json\/wp\/v2\/pages\/22\/revisions\/55"}],"wp:attachment":[{"href":"https:\/\/www.aipazcomun.com\/fr\/wp-json\/wp\/v2\/media?parent=22"}],"curies":[{"name":"wp","href":"https:\/\/api.w.org\/{rel}","templated":true}]}}