{"id":25,"date":"2026-08-31T17:16:43","date_gmt":"2026-08-31T17:16:43","guid":{"rendered":"https:\/\/www.aipazcomun.com\/servicios\/"},"modified":"2026-08-31T17:21:26","modified_gmt":"2026-08-31T17:21:26","slug":"servicios","status":"publish","type":"page","link":"https:\/\/www.aipazcomun.com\/fr\/servicios\/","title":{"rendered":"Services"},"content":{"rendered":"<section class=\"wp-block-group alignfull ext-section is-style-ext-preset--group--natural-1--section has-background-background-color has-background has-custom-css has-global-padding is-layout-constrained wp-container-core-group-is-layout-c933c6c0 wp-block-group-is-layout-constrained\" style=\"margin-top:0;margin-bottom:0;padding-top:var(--wp--preset--spacing--70);padding-bottom:var(--wp--preset--spacing--70)\">\n<div class=\"wp-block-group alignwide ext-section-intro is-style-ext-preset--group--natural-1--section-intro-1 has-custom-css has-global-padding is-layout-constrained wp-block-group-is-layout-constrained\" id=\"servicios\">\n<h2 class=\"wp-block-heading ext-animate--on\">Nos services humanitaires et de paix<\/h2>\n\n\n\n<p class=\"ext-animate--on has-foreground-alt-color has-text-color has-medium-font-size wp-block-paragraph\" style=\"margin-top:24px\">Cette section pr\u00e9sente en d\u00e9tail les initiatives que nous menons pour venir en aide aux communaut\u00e9s touch\u00e9es par les conflits, les migrations et les d\u00e9placements.<\/p>\n<\/div>\n\n\n\n<div class=\"wp-block-group alignwide ext-grid is-layout-grid wp-container-core-group-is-layout-e121f3d3 wp-block-group-is-layout-grid\">\n<div class=\"wp-block-group ext-card is-style-ext-preset--group--natural-1--item-card-1--align-start ext-animate--on is-vertical is-layout-flex wp-container-core-group-is-layout-c5ec0667 wp-block-group-is-layout-flex is-style-ext-preset--group--natural-1--item-card-1--align-start--2\" style=\"min-height:100%\">\n<figure class=\"wp-block-image\"><img loading=\"lazy\" decoding=\"async\" width=\"1013\" height=\"1440\" class=\"wp-image-39\" src=\"https:\/\/www.aipazcomun.com\/wp-content\/uploads\/2026\/08\/d89f81b005e1740e19899315c26ad8fd367ef15f.jpg\" alt=\"\" style=\"aspect-ratio:4\/3;object-fit:cover\" srcset=\"https:\/\/www.aipazcomun.com\/wp-content\/uploads\/2026\/08\/d89f81b005e1740e19899315c26ad8fd367ef15f.jpg 1013w, https:\/\/www.aipazcomun.com\/wp-content\/uploads\/2026\/08\/d89f81b005e1740e19899315c26ad8fd367ef15f-211x300.jpg 211w, https:\/\/www.aipazcomun.com\/wp-content\/uploads\/2026\/08\/d89f81b005e1740e19899315c26ad8fd367ef15f-720x1024.jpg 720w, https:\/\/www.aipazcomun.com\/wp-content\/uploads\/2026\/08\/d89f81b005e1740e19899315c26ad8fd367ef15f-768x1092.jpg 768w\" sizes=\"auto, (max-width: 1013px) 100vw, 1013px\" \/><\/figure>\n\n\n\n<div class=\"wp-block-group ext-card-body is-layout-flow wp-container-core-group-is-layout-c00cb370 wp-block-group-is-layout-flow\">\n<h3 class=\"wp-block-heading has-medium-font-size\">Promotion de la paix<\/h3>\n\n\n\n<p class=\"wp-block-paragraph\">Ce service a pour objectif de favoriser un dialogue constructif et la solidarit\u00e9 internationale.<\/p>\n<\/div>\n<\/div>\n\n\n\n<div class=\"wp-block-group ext-card is-style-ext-preset--group--natural-1--item-card-1--align-start ext-animate--on is-vertical is-layout-flex wp-container-core-group-is-layout-c5ec0667 wp-block-group-is-layout-flex is-style-ext-preset--group--natural-1--item-card-1--align-start--3\" style=\"min-height:100%\">\n<figure class=\"wp-block-image\"><img loading=\"lazy\" decoding=\"async\" width=\"1440\" height=\"960\" class=\"wp-image-40\" src=\"https:\/\/www.aipazcomun.com\/wp-content\/uploads\/2026\/08\/328910cd2926c2d2aa5a2cc049c97ec1243de020.jpg\" alt=\"\" style=\"aspect-ratio:4\/3;object-fit:cover\" srcset=\"https:\/\/www.aipazcomun.com\/wp-content\/uploads\/2026\/08\/328910cd2926c2d2aa5a2cc049c97ec1243de020.jpg 1440w, https:\/\/www.aipazcomun.com\/wp-content\/uploads\/2026\/08\/328910cd2926c2d2aa5a2cc049c97ec1243de020-300x200.jpg 300w, https:\/\/www.aipazcomun.com\/wp-content\/uploads\/2026\/08\/328910cd2926c2d2aa5a2cc049c97ec1243de020-1024x683.jpg 1024w, https:\/\/www.aipazcomun.com\/wp-content\/uploads\/2026\/08\/328910cd2926c2d2aa5a2cc049c97ec1243de020-768x512.jpg 768w\" sizes=\"auto, (max-width: 1440px) 100vw, 1440px\" \/><\/figure>\n\n\n\n<div class=\"wp-block-group ext-card-body is-layout-flow wp-container-core-group-is-layout-c00cb370 wp-block-group-is-layout-flow\">\n<h3 class=\"wp-block-heading has-medium-font-size\">Droits de l'homme<\/h3>\n\n\n\n<p class=\"wp-block-paragraph\">Ce service propose un accompagnement et une d\u00e9fense complets visant \u00e0 prot\u00e9ger les droits fondamentaux.<\/p>\n<\/div>\n<\/div>\n\n\n\n<div class=\"wp-block-group ext-card is-style-ext-preset--group--natural-1--item-card-1--align-start ext-animate--on is-vertical is-layout-flex wp-container-core-group-is-layout-c5ec0667 wp-block-group-is-layout-flex is-style-ext-preset--group--natural-1--item-card-1--align-start--4\" style=\"min-height:100%\">\n<figure class=\"wp-block-image\"><img loading=\"lazy\" decoding=\"async\" width=\"1440\" height=\"960\" class=\"wp-image-37\" src=\"https:\/\/www.aipazcomun.com\/wp-content\/uploads\/2026\/08\/0615392c52ed3d462960c016e273f803b86af2e7.jpg\" alt=\"\" style=\"aspect-ratio:4\/3;object-fit:cover\" srcset=\"https:\/\/www.aipazcomun.com\/wp-content\/uploads\/2026\/08\/0615392c52ed3d462960c016e273f803b86af2e7.jpg 1440w, https:\/\/www.aipazcomun.com\/wp-content\/uploads\/2026\/08\/0615392c52ed3d462960c016e273f803b86af2e7-300x200.jpg 300w, https:\/\/www.aipazcomun.com\/wp-content\/uploads\/2026\/08\/0615392c52ed3d462960c016e273f803b86af2e7-1024x683.jpg 1024w, https:\/\/www.aipazcomun.com\/wp-content\/uploads\/2026\/08\/0615392c52ed3d462960c016e273f803b86af2e7-768x512.jpg 768w\" sizes=\"auto, (max-width: 1440px) 100vw, 1440px\" \/><\/figure>\n\n\n\n<div class=\"wp-block-group ext-card-body is-layout-flow wp-container-core-group-is-layout-c00cb370 wp-block-group-is-layout-flow\">\n<h3 class=\"wp-block-heading has-medium-font-size\">Acci\u00f3n Humanitaria<\/h3>\n\n\n\n<p class=\"wp-block-paragraph\">Ce service est con\u00e7u pour apporter une aide directe aux personnes touch\u00e9es par le d\u00e9placement.<\/p>\n<\/div>\n<\/div>\n<\/div>\n<\/section>\n\n<section class=\"wp-block-group alignfull ext-section is-style-ext-preset--group--natural-1--section has-tertiary-background-color has-background has-custom-css has-global-padding is-layout-constrained wp-container-core-group-is-layout-c933c6c0 wp-block-group-is-layout-constrained\" style=\"margin-top:0;margin-bottom:0;padding-top:var(--wp--preset--spacing--70);padding-bottom:var(--wp--preset--spacing--70)\">\n<div class=\"wp-block-group alignwide ext-section-intro is-style-ext-preset--group--natural-1--section-intro-1 has-custom-css has-global-padding is-layout-constrained wp-block-group-is-layout-constrained\">\n<h2 class=\"wp-block-heading ext-animate--on\">Nuestros Servicios<\/h2>\n\n\n\n<p class=\"ext-animate--on has-foreground-alt-color has-text-color has-medium-font-size wp-block-paragraph\" style=\"margin-top:24px\">Esta secci\u00f3n detalla nuestras actividades humanitarias y de apoyo, orientadas a proteger los derechos humanos y fomentar la paz.<\/p>\n<\/div>\n\n\n\n<div class=\"wp-block-group alignwide ext-grid is-layout-grid wp-container-core-group-is-layout-e121f3d3 wp-block-group-is-layout-grid\">\n<div class=\"wp-block-group ext-card is-style-ext-preset--group--natural-1--item-card-1--align-start ext-animate--on is-vertical is-layout-flex wp-container-core-group-is-layout-c5ec0667 wp-block-group-is-layout-flex is-style-ext-preset--group--natural-1--item-card-1--align-start--6\" style=\"min-height:100%\">\n<div class=\"wp-block-group ext-card-body is-layout-flow wp-container-core-group-is-layout-c00cb370 wp-block-group-is-layout-flow\">\n<figure class=\"wp-block-image size-large ext-aspect-landscape is-style-ext-preset--image--natural-1--icon-1 wp-duotone-primary-foreground\" style=\"margin-bottom:16px\"><img decoding=\"async\" src=\"data:image\/svg+xml;base64,PHN2ZyB4bWxucz0iaHR0cDovL3d3dy53My5vcmcvMjAwMC9zdmciIHdpZHRoPSI0OCIgaGVpZ2h0PSI0OCIgZmlsbD0iIzAwMDAwMCIgdmlld0JveD0iMCAwIDI1NiAyNTYiPjxwYXRoIGQ9Ik0xMjgsMjRBMTA0LDEwNCwwLDEsMCwyMzIsMTI4LDEwNC4xMSwxMDQuMTEsMCwwLDAsMTI4LDI0Wm0wLDE5MmE4OCw4OCwwLDEsMSw4OC04OEE4OC4xLDg4LjEsMCwwLDEsMTI4LDIxNlpNMTQwLDgwdjk2YTgsOCwwLDAsMS0xNiwwVjk1bC0xMS41Niw3LjcxYTgsOCwwLDEsMS04Ljg4LTEzLjMybDI0LTE2QTgsOCwwLDAsMSwxNDAsODBaIj48L3BhdGg+PC9zdmc+\" alt=\"\" style=\"object-fit:cover\"\/><\/figure>\n\n\n\n<h3 class=\"wp-block-heading has-medium-font-size\">Paso Uno: Contacto<\/h3>\n\n\n\n<p class=\"wp-block-paragraph\">Evaluamos las necesidades de las personas y comunidades afectadas por conflictos, estableciendo una v\u00eda inicial de di\u00e1logo y solidaridad.<\/p>\n<\/div>\n<\/div>\n\n\n\n<div class=\"wp-block-group ext-card is-style-ext-preset--group--natural-1--item-card-1--align-start ext-animate--on is-vertical is-layout-flex wp-container-core-group-is-layout-c5ec0667 wp-block-group-is-layout-flex is-style-ext-preset--group--natural-1--item-card-1--align-start--7\" style=\"min-height:100%\">\n<div class=\"wp-block-group ext-card-body is-layout-flow wp-container-core-group-is-layout-c00cb370 wp-block-group-is-layout-flow\">\n<figure class=\"wp-block-image size-large ext-aspect-landscape is-style-ext-preset--image--natural-1--icon-1 wp-duotone-primary-foreground\" style=\"margin-bottom:16px\"><img decoding=\"async\" src=\"data:image\/svg+xml;base64,PHN2ZyB4bWxucz0iaHR0cDovL3d3dy53My5vcmcvMjAwMC9zdmciIHdpZHRoPSI0OCIgaGVpZ2h0PSI0OCIgZmlsbD0iIzAwMDAwMCIgdmlld0JveD0iMCAwIDI1NiAyNTYiPjxwYXRoIGQ9Ik0xMjgsMjRBMTA0LDEwNCwwLDEsMCwyMzIsMTI4LDEwNC4xMSwxMDQuMTEsMCwwLDAsMTI4LDI0Wm0wLDE5MmE4OCw4OCwwLDEsMSw4OC04OEE4OC4xLDg4LjEsMCwwLDEsMTI4LDIxNlptMjUuNTYtOTIuNzRMMTIwLDE2OGgzMmE4LDgsMCwwLDEsMCwxNkgxMDRhOCw4LDAsMCwxLTYuNC0xMi44bDQzLjE3LTU3LjU2YTE2LDE2LDAsMSwwLTI3Ljg2LTE1LDgsOCwwLDAsMS0xNS4wOS01LjM0LDMyLDMyLDAsMSwxLDU1Ljc0LDI5LjkzWiI+PC9wYXRoPjwvc3ZnPg==\" alt=\"\" style=\"object-fit:cover\"\/><\/figure>\n\n\n\n<h3 class=\"wp-block-heading has-medium-font-size\">Paso Dos: Intervenci\u00f3n<\/h3>\n\n\n\n<p class=\"wp-block-paragraph\">Implementamos actividades humanitarias y culturales en Ginebra y zonas de desplazamiento para brindar apoyo directo y efectivo.<\/p>\n<\/div>\n<\/div>\n\n\n\n<div class=\"wp-block-group ext-card is-style-ext-preset--group--natural-1--item-card-1--align-start ext-animate--on is-vertical is-layout-flex wp-container-core-group-is-layout-c5ec0667 wp-block-group-is-layout-flex is-style-ext-preset--group--natural-1--item-card-1--align-start--8\" style=\"min-height:100%\">\n<div class=\"wp-block-group ext-card-body is-layout-flow wp-container-core-group-is-layout-c00cb370 wp-block-group-is-layout-flow\">\n<figure class=\"wp-block-image size-large ext-aspect-landscape is-style-ext-preset--image--natural-1--icon-1 wp-duotone-primary-foreground\" style=\"margin-bottom:16px\"><img decoding=\"async\" src=\"data:image\/svg+xml;base64,PHN2ZyB4bWxucz0iaHR0cDovL3d3dy53My5vcmcvMjAwMC9zdmciIHdpZHRoPSI0OCIgaGVpZ2h0PSI0OCIgZmlsbD0iIzAwMDAwMCIgdmlld0JveD0iMCAwIDI1NiAyNTYiPjxwYXRoIGQ9Ik0xMjgsMjRBMTA0LDEwNCwwLDEsMCwyMzIsMTI4LDEwNC4xMSwxMDQuMTEsMCwwLDAsMTI4LDI0Wm0wLDE5MmE4OCw4OCwwLDEsMSw4OC04OEE4OC4xLDg4LjEsMCwwLDEsMTI4LDIxNlptMzItNjRhMzYsMzYsMCwwLDEtNjEuNzEsMjUuMTlBOCw4LDAsMSwxLDEwOS43MSwxNjYsMjAsMjAsMCwxLDAsMTI0LDEzMmE4LDgsMCwwLDEtNi41NS0xMi41OUwxMzYuNjMsOTJIMTA0YTgsOCwwLDAsMSwwLTE2aDQ4YTgsOCwwLDAsMSw2LjU1LDEyLjU5bC0yMSwzMEEzNi4wNywzNi4wNywwLDAsMSwxNjAsMTUyWiI+PC9wYXRoPjwvc3ZnPg==\" alt=\"\" style=\"object-fit:cover\"\/><\/figure>\n\n\n\n<h3 class=\"wp-block-heading has-medium-font-size\">Action solidaire<\/h3>\n\n\n\n<p class=\"wp-block-paragraph\">Fomentamos la integraci\u00f3n y la reconciliaci\u00f3n a largo plazo, transformando situaciones de vulnerabilidad en oportunidades de paz.<\/p>\n<\/div>\n<\/div>\n<\/div>\n<\/section>\n\n<section class=\"wp-block-group alignfull ext-section is-style-ext-preset--group--natural-1--section has-background-background-color has-background has-custom-css has-global-padding is-layout-constrained wp-container-core-group-is-layout-c933c6c0 wp-block-group-is-layout-constrained\" style=\"margin-top:0;margin-bottom:0;padding-top:var(--wp--preset--spacing--70);padding-bottom:var(--wp--preset--spacing--70)\">\n<div class=\"wp-block-group alignwide ext-section-intro is-style-ext-preset--group--natural-1--section-intro-1 has-custom-css has-global-padding is-layout-constrained wp-block-group-is-layout-constrained\">\n<h2 class=\"wp-block-heading ext-animate--on\">Testimonios reales de solidaridad y apoyo humanitario.<\/h2>\n\n\n\n<p class=\"ext-animate--on has-foreground-alt-color has-text-color has-medium-font-size wp-block-paragraph\" style=\"margin-top:24px\">Esta secci\u00f3n detalla nuestro proceso de intervenci\u00f3n paso a paso, ayudando a comprender c\u00f3mo colaboramos con comunidades vulnerables.<\/p>\n<\/div>\n\n\n\n<div class=\"wp-block-group alignwide ext-stack is-layout-flow wp-container-core-group-is-layout-0a026701 wp-block-group-is-layout-flow\">\n<div class=\"wp-block-media-text has-media-on-the-right is-stacked-on-mobile is-vertically-aligned-center is-image-fill-element ext-card is-style-ext-preset--media-text--natural-1--card-1 ext-animate--on is-style-ext-preset--media-text--natural-1--card-1--10\"><div class=\"wp-block-media-text__content\">\n<div class=\"wp-block-group ext-card-content wp-container-content-ceb7f5b3 is-vertical is-layout-flex wp-container-core-group-is-layout-57b9ba1d wp-block-group-is-layout-flex\" style=\"padding-top:var(--wp--preset--spacing--60);padding-right:var(--wp--preset--spacing--40);padding-bottom:var(--wp--preset--spacing--60);padding-left:var(--wp--preset--spacing--40)\">\n<div class=\"wp-block-group ext-card-body is-layout-flow wp-container-core-group-is-layout-c00cb370 wp-block-group-is-layout-flow\">\n<h3 class=\"wp-block-heading has-large-font-size\">C\u00f3mo una comunidad desplazada recuper\u00f3 la esperanza.<\/h3>\n\n\n\n<p class=\"wp-block-paragraph\">Este caso destaca c\u00f3mo apoyamos a personas afectadas por conflictos y migraci\u00f3n, logrando una mejor integraci\u00f3n y defensa de sus derechos.<\/p>\n<\/div>\n<\/div>\n<\/div><figure class=\"wp-block-media-text__media\"><img loading=\"lazy\" decoding=\"async\" width=\"1280\" height=\"1920\" class=\"wp-image-41 size-full\" src=\"https:\/\/www.aipazcomun.com\/wp-content\/uploads\/2026\/08\/cc2297ed0d976c37cbd460dfe1eedc430439fd68.jpg\" alt=\"\" style=\"object-position:50% 50%\" srcset=\"https:\/\/www.aipazcomun.com\/wp-content\/uploads\/2026\/08\/cc2297ed0d976c37cbd460dfe1eedc430439fd68.jpg 1280w, https:\/\/www.aipazcomun.com\/wp-content\/uploads\/2026\/08\/cc2297ed0d976c37cbd460dfe1eedc430439fd68-200x300.jpg 200w, https:\/\/www.aipazcomun.com\/wp-content\/uploads\/2026\/08\/cc2297ed0d976c37cbd460dfe1eedc430439fd68-683x1024.jpg 683w, https:\/\/www.aipazcomun.com\/wp-content\/uploads\/2026\/08\/cc2297ed0d976c37cbd460dfe1eedc430439fd68-768x1152.jpg 768w, https:\/\/www.aipazcomun.com\/wp-content\/uploads\/2026\/08\/cc2297ed0d976c37cbd460dfe1eedc430439fd68-1024x1536.jpg 1024w\" sizes=\"auto, (max-width: 1280px) 100vw, 1280px\" \/><\/figure><\/div>\n\n\n\n<div class=\"wp-block-media-text is-stacked-on-mobile is-vertically-aligned-center is-image-fill-element ext-card is-style-ext-preset--media-text--natural-1--card-1 ext-animate--on is-style-ext-preset--media-text--natural-1--card-1--11\"><figure class=\"wp-block-media-text__media\"><img loading=\"lazy\" decoding=\"async\" width=\"1280\" height=\"1920\" class=\"wp-image-42 size-full\" src=\"https:\/\/www.aipazcomun.com\/wp-content\/uploads\/2026\/08\/36a54e0622f55fe74c283ea0fec349967e420444.jpg\" alt=\"\" style=\"object-position:50% 50%\" srcset=\"https:\/\/www.aipazcomun.com\/wp-content\/uploads\/2026\/08\/36a54e0622f55fe74c283ea0fec349967e420444.jpg 1280w, https:\/\/www.aipazcomun.com\/wp-content\/uploads\/2026\/08\/36a54e0622f55fe74c283ea0fec349967e420444-200x300.jpg 200w, https:\/\/www.aipazcomun.com\/wp-content\/uploads\/2026\/08\/36a54e0622f55fe74c283ea0fec349967e420444-683x1024.jpg 683w, https:\/\/www.aipazcomun.com\/wp-content\/uploads\/2026\/08\/36a54e0622f55fe74c283ea0fec349967e420444-768x1152.jpg 768w, https:\/\/www.aipazcomun.com\/wp-content\/uploads\/2026\/08\/36a54e0622f55fe74c283ea0fec349967e420444-1024x1536.jpg 1024w\" sizes=\"auto, (max-width: 1280px) 100vw, 1280px\" \/><\/figure><div class=\"wp-block-media-text__content\">\n<div class=\"wp-block-group ext-card-content wp-container-content-ceb7f5b3 is-vertical is-layout-flex wp-container-core-group-is-layout-57b9ba1d wp-block-group-is-layout-flex\" style=\"padding-top:var(--wp--preset--spacing--60);padding-right:var(--wp--preset--spacing--40);padding-bottom:var(--wp--preset--spacing--60);padding-left:var(--wp--preset--spacing--40)\">\n<div class=\"wp-block-group ext-card-body is-layout-flow wp-container-core-group-is-layout-c00cb370 wp-block-group-is-layout-flow\">\n<h3 class=\"wp-block-heading has-large-font-size\">Construyendo una paz duradera mediante el di\u00e1logo intercultural.<\/h3>\n\n\n\n<p class=\"wp-block-paragraph\">Este relato examina c\u00f3mo superamos barreras geogr\u00e1ficas y sociales para ofrecer asistencia humanitaria eficaz y promover los derechos humanos.<\/p>\n<\/div>\n<\/div>\n<\/div><\/div>\n\n\n\n<div class=\"wp-block-media-text has-media-on-the-right is-stacked-on-mobile is-vertically-aligned-center is-image-fill-element ext-card is-style-ext-preset--media-text--natural-1--card-1 ext-animate--on is-style-ext-preset--media-text--natural-1--card-1--12\"><div class=\"wp-block-media-text__content\">\n<div class=\"wp-block-group ext-card-content wp-container-content-ceb7f5b3 is-vertical is-layout-flex wp-container-core-group-is-layout-57b9ba1d wp-block-group-is-layout-flex\" style=\"padding-top:var(--wp--preset--spacing--60);padding-right:var(--wp--preset--spacing--40);padding-bottom:var(--wp--preset--spacing--60);padding-left:var(--wp--preset--spacing--40)\">\n<div class=\"wp-block-group ext-card-body is-layout-flow wp-container-core-group-is-layout-c00cb370 wp-block-group-is-layout-flow\">\n<h3 class=\"wp-block-heading has-large-font-size\">Promoviendo los derechos humanos con acci\u00f3n solidaria.<\/h3>\n\n\n\n<p class=\"wp-block-paragraph\">Este caso de \u00e9xito ilustra c\u00f3mo nuestra labor en Ginebra y sobre el terreno apoya a quienes sufren el impacto de los desplazamientos.<\/p>\n<\/div>\n<\/div>\n<\/div><figure class=\"wp-block-media-text__media\"><img loading=\"lazy\" decoding=\"async\" width=\"1280\" height=\"1828\" class=\"wp-image-43 size-full\" src=\"https:\/\/www.aipazcomun.com\/wp-content\/uploads\/2026\/08\/2b783ce0fcce64ff67550eff598174e761599f21.jpg\" alt=\"\" style=\"object-position:50% 50%\" srcset=\"https:\/\/www.aipazcomun.com\/wp-content\/uploads\/2026\/08\/2b783ce0fcce64ff67550eff598174e761599f21.jpg 1280w, https:\/\/www.aipazcomun.com\/wp-content\/uploads\/2026\/08\/2b783ce0fcce64ff67550eff598174e761599f21-210x300.jpg 210w, https:\/\/www.aipazcomun.com\/wp-content\/uploads\/2026\/08\/2b783ce0fcce64ff67550eff598174e761599f21-717x1024.jpg 717w, https:\/\/www.aipazcomun.com\/wp-content\/uploads\/2026\/08\/2b783ce0fcce64ff67550eff598174e761599f21-768x1097.jpg 768w, https:\/\/www.aipazcomun.com\/wp-content\/uploads\/2026\/08\/2b783ce0fcce64ff67550eff598174e761599f21-1076x1536.jpg 1076w\" sizes=\"auto, (max-width: 1280px) 100vw, 1280px\" \/><\/figure><\/div>\n<\/div>\n\n\n\n<div class=\"wp-block-buttons ext-animate--on is-content-justification-center is-layout-flex wp-container-core-buttons-is-layout-c34b1d91 wp-block-buttons-is-layout-flex\" style=\"margin-top:var(--wp--preset--spacing--50)\">\n<div class=\"wp-block-button is-style-ext-preset--button--natural-1--button-1 is-style-ext-preset--button--natural-1--button-1--13\"><a class=\"wp-block-button__link wp-element-button\" href=\"https:\/\/www.aipazcomun.com\/fr\/contacto\/\">En savoir plus<\/a><\/div>\n<\/div>\n<\/section>","protected":false},"excerpt":{"rendered":"<p>Nuestros Servicios Humanitarios y de Paz Esta secci\u00f3n detalla las iniciativas que impulsamos para apoyar a comunidades afectadas por conflictos, migraci\u00f3n y desplazamiento. Promoci\u00f3n de la Paz Este servicio est\u00e1 dise\u00f1ado para fomentar el di\u00e1logo constructivo y la solidaridad internacional. Derechos Humanos Este servicio ofrece asesoramiento y defensa integral para proteger los derechos fundamentales. Acci\u00f3n [&hellip;]<\/p>\n","protected":false},"author":1,"featured_media":0,"parent":0,"menu_order":0,"comment_status":"closed","ping_status":"closed","template":"page-with-title","meta":{"footnotes":""},"class_list":["post-25","page","type-page","status-publish","hentry"],"_links":{"self":[{"href":"https:\/\/www.aipazcomun.com\/fr\/wp-json\/wp\/v2\/pages\/25","targetHints":{"allow":["GET"]}}],"collection":[{"href":"https:\/\/www.aipazcomun.com\/fr\/wp-json\/wp\/v2\/pages"}],"about":[{"href":"https:\/\/www.aipazcomun.com\/fr\/wp-json\/wp\/v2\/types\/page"}],"author":[{"embeddable":true,"href":"https:\/\/www.aipazcomun.com\/fr\/wp-json\/wp\/v2\/users\/1"}],"replies":[{"embeddable":true,"href":"https:\/\/www.aipazcomun.com\/fr\/wp-json\/wp\/v2\/comments?post=25"}],"version-history":[{"count":2,"href":"https:\/\/www.aipazcomun.com\/fr\/wp-json\/wp\/v2\/pages\/25\/revisions"}],"predecessor-version":[{"id":44,"href":"https:\/\/www.aipazcomun.com\/fr\/wp-json\/wp\/v2\/pages\/25\/revisions\/44"}],"wp:attachment":[{"href":"https:\/\/www.aipazcomun.com\/fr\/wp-json\/wp\/v2\/media?parent=25"}],"curies":[{"name":"wp","href":"https:\/\/api.w.org\/{rel}","templated":true}]}}